{"id":950,"date":"2023-04-20T13:32:08","date_gmt":"2023-04-20T17:32:08","guid":{"rendered":"http:\/\/localhost:10058\/sustainability-charter\/"},"modified":"2023-09-12T16:35:30","modified_gmt":"2023-09-12T20:35:30","slug":"sustainability-charter","status":"publish","type":"page","link":"https:\/\/intertaskconferences.com\/fr\/sustainability-charter\/","title":{"rendered":"Charte de durabilit\u00e9"},"content":{"rendered":"    <div class=\"row hero flex align-center\" id=\"\">\n        <div class=\"wrap\" data-aos=\"fade-up\" data-aos-delay=\"200\">\n            <div class=\"hero--inner flex\">\n\n                <div class=\"hero--inner-title w-50\">\n                    <h1>\n                        Charte de durabilit\u00e9                        <span class=\"hero-h c-green\"><\/span>\n                    <\/h1>\n                    <p>Nos employ\u00e9s sont le c\u0153ur de notre entreprise et la force motrice derri\u00e8re celle-ci. Notre projet de durabilit\u00e9 commence par le besoin de donner un sens \u00e0 nos actions et le d\u00e9sir de s&rsquo;impliquer pour effectuer des changements.<\/p>\n                                    <\/div>\n\n                \n            <\/div>\n        <\/div>\n    <\/div>\n\n\n<div class=\"wp-block-columns alignwide is-layout-flex wp-container-core-columns-is-layout-9d6595d7 wp-block-columns-is-layout-flex\" id=\"vision\">\n<div class=\"wp-block-column is-layout-flow wp-block-column-is-layout-flow\" style=\"flex-basis:60%\">\n<h2 class=\"wp-block-heading\"><strong>Notre vision<\/strong><\/h2>\n\n\n\n<p>Nous aspirons \u00e0 vivre dans une soci\u00e9t\u00e9 qui place le bien-\u00eatre humain au c\u0153ur de ses d\u00e9cisions tout en respectant les limites environnementales de notre plan\u00e8te. Nous visons \u00e0 faire de la durabilit\u00e9 une valeur partag\u00e9e par tous au sein de l&rsquo;entreprise ; \u00e0 trouver un \u00e9quilibre entre la g\u00e9n\u00e9ration de revenus et la r\u00e9duction de l&rsquo;impact environnemental de nos activit\u00e9s tout en contribuant au progr\u00e8s social ; \u00e0 int\u00e9grer les d\u00e9fis de la durabilit\u00e9 dans nos activit\u00e9s quotidiennes ; et \u00e0 adopter des tactiques durables sp\u00e9cifiques dans l&rsquo;organisation de tous nos \u00e9v\u00e9nements. La mise en \u0153uvre de cette Charte n\u00e9cessite l&rsquo;engagement volontaire et actif de nos employ\u00e9s et partenaires.<\/p>\n\n\n\n<p><strong>Les principes fondamentaux de cette Charte visent \u00e0 limiter les impacts environnementaux et comportementaux n\u00e9gatifs des \u00e9v\u00e9nements et \u00e0 am\u00e9liorer leur impact sur l&rsquo;environnement local.<\/strong><\/p>\n<\/div>\n\n\n\n<div class=\"wp-block-column is-layout-flow wp-block-column-is-layout-flow\"><div class=\"row block-text-links\" data-aos=\"fade-up\" data-aos-delay=\"200\">\n    <div class=\"block-jump-links-menu--inner\">\n        <nav class=\"block-jump-links-menu--inner-nav\">\n                            <div class=\"block-text--inner-links\">\n                    <a class=\"h2 cta c-blue\" href=\"#vision\">\n                        Vision                    <\/a>\n                <\/div>\n                            <div class=\"block-text--inner-links\">\n                    <a class=\"h2 cta c-blue\" href=\"#Engagement\">\n                        Engagement                    <\/a>\n                <\/div>\n                            <div class=\"block-text--inner-links\">\n                    <a class=\"h2 cta c-blue\" href=\"#valeurs\">\n                        Valeurs                    <\/a>\n                <\/div>\n                            <div class=\"block-text--inner-links\">\n                    <a class=\"h2 cta c-blue\" href=\"#orientation-strat\u00e9gique\">\n                        Orientation strat\u00e9gique                    <\/a>\n                <\/div>\n                            <div class=\"block-text--inner-links\">\n                    <a class=\"h2 cta c-blue\" href=\"#champ-d'application\">\n                        Champ d&rsquo;application                    <\/a>\n                <\/div>\n                    <\/nav>\n    <\/div>\n<\/div><\/div>\n<\/div>\n\n\n\n<div class=\"wp-block-group alignwide w-60\" id=\"commitment\"><div class=\"wp-block-group__inner-container is-layout-flow wp-block-group-is-layout-flow\">\n<h2 class=\"wp-block-heading\"><strong>Notre engagement<\/strong><\/h2>\n\n\n\n<p>Nous reconnaissons que les \u00e9v\u00e9nements que nous organisons ont un impact sur l&rsquo;environnement. Nous nous efforcerons continuellement d&rsquo;am\u00e9liorer nos initiatives durables tout en proposant des \u00e9v\u00e9nements qui r\u00e9pondent aux objectifs de nos clients et en maintenant une position rentable pour l&rsquo;entreprise. Pour ce faire, nous nous engageons \u00e0 mettre en \u0153uvre des initiatives visant \u00e0 :<\/p>\n\n\n\n<ul class=\"wp-block-list\">\n<li>Am\u00e9liorer et mesurer notre empreinte environnementale tout au long du cycle de vie de nos activit\u00e9s<\/li>\n\n\n\n<li>Am\u00e9liorer les avantages sociaux et environnementaux de nos op\u00e9rations<\/li>\n\n\n\n<li>Encourager la participation de tous nos employ\u00e9s<\/li>\n\n\n\n<li>Coop\u00e9rer avec nos parties prenantes internes et externes pour promouvoir des tactiques durables<\/li>\n<\/ul>\n\n\n\n<p>Nous nous engageons \u00e9galement \u00e0 maintenir un Comit\u00e9 de durabilit\u00e9 et \u00e0 allouer les ressources n\u00e9cessaires pour atteindre les objectifs du Plan strat\u00e9gique de durabilit\u00e9. La direction \u00e9valuera l&rsquo;\u00e9volution du Plan strat\u00e9gique de durabilit\u00e9 au moins une fois par ann\u00e9e, apportera les ajustements n\u00e9cessaires pour faciliter et am\u00e9liorer sa mise en \u0153uvre, et veillera \u00e0 son alignement avec notre strat\u00e9gie commerciale.<\/p>\n\n\n\n<p>Nous d\u00e9fendons les valeurs suivantes, qui nous permettent de cr\u00e9er des relations \u00e0 long terme avec nos partenaires strat\u00e9giques, nos employ\u00e9s, nos clients et nos principaux fournisseurs :<\/p>\n<\/div><\/div>\n\n\n\n<div class=\"wp-block-group alignwide w-60\" id=\"values\"><div class=\"wp-block-group__inner-container is-layout-flow wp-block-group-is-layout-flow\">\n<p><\/p>\n\n\n\n<ul class=\"horizontal-list wp-block-list\">\n<li>Collaboration<\/li>\n\n\n\n<li>Innovation<\/li>\n\n\n\n<li>Passion<\/li>\n\n\n\n<li>Respect<\/li>\n\n\n\n<li>Int\u00e9grit\u00e9<\/li>\n\n\n\n<li>Efficacit\u00e9<\/li>\n\n\n\n<li>Cr\u00e9ativit\u00e9<\/li>\n\n\n\n<li>Engagement<\/li>\n\n\n\n<li>Responsabilit\u00e9 sociale<\/li>\n<\/ul>\n<\/div><\/div>\n\n\n\n<div class=\"wp-block-group alignwide w-60\" id=\"strategic-orientation\"><div class=\"wp-block-group__inner-container is-layout-flow wp-block-group-is-layout-flow\">\n<h2 class=\"wp-block-heading\"><strong>Orientation strat\u00e9gique<\/strong><\/h2>\n\n\n\n<p>Pour relier la vision \u00e0 long terme d&rsquo;un changement transformateur et durable \u00e0 notre travail quotidien, nous serons guid\u00e9s par des impacts dans quatre domaines cl\u00e9s :<\/p>\n\n\n\n<ul class=\"horizontal-list wp-block-list\">\n<li>Gouvernance<\/li>\n\n\n\n<li>Environnement<\/li>\n\n\n\n<li>Contribution soci\u00e9tale<\/li>\n\n\n\n<li>Viabilit\u00e9 et impact \u00e9conomique<\/li>\n<\/ul>\n<\/div><\/div>\n\n\n\n<div class=\"wp-block-group alignwide w-60\" id=\"scope\"><div class=\"wp-block-group__inner-container is-layout-flow wp-block-group-is-layout-flow\">\n<h2 class=\"wp-block-heading\"><strong>Champ d&rsquo;application et responsabilit\u00e9<\/strong><\/h2>\n\n\n\n<p>Cette Charte s&rsquo;applique \u00e0 tous les employ\u00e9s et sous-traitants de l&rsquo;entreprise. Intertask encourage \u00e9galement ses fournisseurs, clients et partenaires strat\u00e9giques \u00e0 adopter des pratiques respectueuses de l&rsquo;environnement, qui int\u00e8grent les principes du d\u00e9veloppement durable.<\/p>\n<\/div><\/div>\n","protected":false},"excerpt":{"rendered":"<p>Notre vision Nous aspirons \u00e0 vivre dans une soci\u00e9t\u00e9 qui place le bien-\u00eatre humain au c\u0153ur de ses d\u00e9cisions tout en respectant les limites environnementales de notre plan\u00e8te. Nous visons \u00e0 faire de la durabilit\u00e9 une valeur partag\u00e9e par tous au sein de l&rsquo;entreprise ; \u00e0 trouver un \u00e9quilibre entre la g\u00e9n\u00e9ration de revenus et [&hellip;]<\/p>\n","protected":false},"author":6,"featured_media":0,"parent":0,"menu_order":0,"comment_status":"closed","ping_status":"closed","template":"","meta":{"_acf_changed":false,"_genesis_hide_title":false,"_genesis_hide_breadcrumbs":false,"_genesis_hide_singular_image":false,"_genesis_hide_footer_widgets":false,"_genesis_custom_body_class":"","_genesis_custom_post_class":"","_genesis_layout":"","footnotes":""},"class_list":{"0":"post-950","1":"page","2":"type-page","3":"status-publish","5":"entry"},"acf":[],"yoast_head":"<!-- This site is optimized with the Yoast SEO plugin v27.3 - https:\/\/yoast.com\/product\/yoast-seo-wordpress\/ -->\n<title>Charte de durabilit\u00e9 - Intertask Conferences<\/title>\n<meta name=\"robots\" content=\"index, follow, max-snippet:-1, max-image-preview:large, max-video-preview:-1\" \/>\n<link rel=\"canonical\" href=\"https:\/\/intertaskconferences.com\/fr\/sustainability-charter\/\" \/>\n<meta property=\"og:locale\" content=\"fr_FR\" \/>\n<meta property=\"og:type\" content=\"article\" \/>\n<meta property=\"og:title\" content=\"Charte de durabilit\u00e9 - Intertask Conferences\" \/>\n<meta property=\"og:description\" content=\"Notre vision Nous aspirons \u00e0 vivre dans une soci\u00e9t\u00e9 qui place le bien-\u00eatre humain au c\u0153ur de ses d\u00e9cisions tout en respectant les limites environnementales de notre plan\u00e8te. Nous visons \u00e0 faire de la durabilit\u00e9 une valeur partag\u00e9e par tous au sein de l&rsquo;entreprise ; \u00e0 trouver un \u00e9quilibre entre la g\u00e9n\u00e9ration de revenus et [&hellip;]\" \/>\n<meta property=\"og:url\" content=\"https:\/\/intertaskconferences.com\/fr\/sustainability-charter\/\" \/>\n<meta property=\"og:site_name\" content=\"Intertask Conferences\" \/>\n<meta property=\"article:modified_time\" content=\"2023-09-12T20:35:30+00:00\" \/>\n<meta name=\"twitter:card\" content=\"summary_large_image\" \/>\n<meta name=\"twitter:label1\" content=\"Dur\u00e9e de lecture estim\u00e9e\" \/>\n\t<meta name=\"twitter:data1\" content=\"2 minutes\" \/>\n<script type=\"application\/ld+json\" class=\"yoast-schema-graph\">{\"@context\":\"https:\\\/\\\/schema.org\",\"@graph\":[{\"@type\":\"WebPage\",\"@id\":\"https:\\\/\\\/intertaskconferences.com\\\/fr\\\/sustainability-charter\\\/\",\"url\":\"https:\\\/\\\/intertaskconferences.com\\\/fr\\\/sustainability-charter\\\/\",\"name\":\"Charte de durabilit\u00e9 - Intertask Conferences\",\"isPartOf\":{\"@id\":\"https:\\\/\\\/intertaskconferences.com\\\/fr\\\/#website\"},\"datePublished\":\"2023-04-20T17:32:08+00:00\",\"dateModified\":\"2023-09-12T20:35:30+00:00\",\"breadcrumb\":{\"@id\":\"https:\\\/\\\/intertaskconferences.com\\\/fr\\\/sustainability-charter\\\/#breadcrumb\"},\"inLanguage\":\"fr-FR\",\"potentialAction\":[{\"@type\":\"ReadAction\",\"target\":[\"https:\\\/\\\/intertaskconferences.com\\\/fr\\\/sustainability-charter\\\/\"]}]},{\"@type\":\"BreadcrumbList\",\"@id\":\"https:\\\/\\\/intertaskconferences.com\\\/fr\\\/sustainability-charter\\\/#breadcrumb\",\"itemListElement\":[{\"@type\":\"ListItem\",\"position\":1,\"name\":\"Home\",\"item\":\"https:\\\/\\\/intertaskconferences.com\\\/fr\\\/\"},{\"@type\":\"ListItem\",\"position\":2,\"name\":\"Charte de durabilit\u00e9\"}]},{\"@type\":\"WebSite\",\"@id\":\"https:\\\/\\\/intertaskconferences.com\\\/fr\\\/#website\",\"url\":\"https:\\\/\\\/intertaskconferences.com\\\/fr\\\/\",\"name\":\"Intertask Conferences\",\"description\":\"\",\"publisher\":{\"@id\":\"https:\\\/\\\/intertaskconferences.com\\\/fr\\\/#organization\"},\"potentialAction\":[{\"@type\":\"SearchAction\",\"target\":{\"@type\":\"EntryPoint\",\"urlTemplate\":\"https:\\\/\\\/intertaskconferences.com\\\/fr\\\/?s={search_term_string}\"},\"query-input\":{\"@type\":\"PropertyValueSpecification\",\"valueRequired\":true,\"valueName\":\"search_term_string\"}}],\"inLanguage\":\"fr-FR\"},{\"@type\":\"Organization\",\"@id\":\"https:\\\/\\\/intertaskconferences.com\\\/fr\\\/#organization\",\"name\":\"Intertask Conferences\",\"url\":\"https:\\\/\\\/intertaskconferences.com\\\/fr\\\/\",\"logo\":{\"@type\":\"ImageObject\",\"inLanguage\":\"fr-FR\",\"@id\":\"https:\\\/\\\/intertaskconferences.com\\\/fr\\\/#\\\/schema\\\/logo\\\/image\\\/\",\"url\":\"http:\\\/\\\/intertaskconferences.com\\\/wp-content\\\/uploads\\\/intertask-jpdl-logo-colour.png\",\"contentUrl\":\"http:\\\/\\\/intertaskconferences.com\\\/wp-content\\\/uploads\\\/intertask-jpdl-logo-colour.png\",\"width\":1196,\"height\":219,\"caption\":\"Intertask Conferences\"},\"image\":{\"@id\":\"https:\\\/\\\/intertaskconferences.com\\\/fr\\\/#\\\/schema\\\/logo\\\/image\\\/\"}}]}<\/script>\n<!-- \/ Yoast SEO plugin. -->","yoast_head_json":{"title":"Charte de durabilit\u00e9 - Intertask Conferences","robots":{"index":"index","follow":"follow","max-snippet":"max-snippet:-1","max-image-preview":"max-image-preview:large","max-video-preview":"max-video-preview:-1"},"canonical":"https:\/\/intertaskconferences.com\/fr\/sustainability-charter\/","og_locale":"fr_FR","og_type":"article","og_title":"Charte de durabilit\u00e9 - Intertask Conferences","og_description":"Notre vision Nous aspirons \u00e0 vivre dans une soci\u00e9t\u00e9 qui place le bien-\u00eatre humain au c\u0153ur de ses d\u00e9cisions tout en respectant les limites environnementales de notre plan\u00e8te. Nous visons \u00e0 faire de la durabilit\u00e9 une valeur partag\u00e9e par tous au sein de l&rsquo;entreprise ; \u00e0 trouver un \u00e9quilibre entre la g\u00e9n\u00e9ration de revenus et [&hellip;]","og_url":"https:\/\/intertaskconferences.com\/fr\/sustainability-charter\/","og_site_name":"Intertask Conferences","article_modified_time":"2023-09-12T20:35:30+00:00","twitter_card":"summary_large_image","twitter_misc":{"Dur\u00e9e de lecture estim\u00e9e":"2 minutes"},"schema":{"@context":"https:\/\/schema.org","@graph":[{"@type":"WebPage","@id":"https:\/\/intertaskconferences.com\/fr\/sustainability-charter\/","url":"https:\/\/intertaskconferences.com\/fr\/sustainability-charter\/","name":"Charte de durabilit\u00e9 - Intertask Conferences","isPartOf":{"@id":"https:\/\/intertaskconferences.com\/fr\/#website"},"datePublished":"2023-04-20T17:32:08+00:00","dateModified":"2023-09-12T20:35:30+00:00","breadcrumb":{"@id":"https:\/\/intertaskconferences.com\/fr\/sustainability-charter\/#breadcrumb"},"inLanguage":"fr-FR","potentialAction":[{"@type":"ReadAction","target":["https:\/\/intertaskconferences.com\/fr\/sustainability-charter\/"]}]},{"@type":"BreadcrumbList","@id":"https:\/\/intertaskconferences.com\/fr\/sustainability-charter\/#breadcrumb","itemListElement":[{"@type":"ListItem","position":1,"name":"Home","item":"https:\/\/intertaskconferences.com\/fr\/"},{"@type":"ListItem","position":2,"name":"Charte de durabilit\u00e9"}]},{"@type":"WebSite","@id":"https:\/\/intertaskconferences.com\/fr\/#website","url":"https:\/\/intertaskconferences.com\/fr\/","name":"Intertask Conferences","description":"","publisher":{"@id":"https:\/\/intertaskconferences.com\/fr\/#organization"},"potentialAction":[{"@type":"SearchAction","target":{"@type":"EntryPoint","urlTemplate":"https:\/\/intertaskconferences.com\/fr\/?s={search_term_string}"},"query-input":{"@type":"PropertyValueSpecification","valueRequired":true,"valueName":"search_term_string"}}],"inLanguage":"fr-FR"},{"@type":"Organization","@id":"https:\/\/intertaskconferences.com\/fr\/#organization","name":"Intertask Conferences","url":"https:\/\/intertaskconferences.com\/fr\/","logo":{"@type":"ImageObject","inLanguage":"fr-FR","@id":"https:\/\/intertaskconferences.com\/fr\/#\/schema\/logo\/image\/","url":"http:\/\/intertaskconferences.com\/wp-content\/uploads\/intertask-jpdl-logo-colour.png","contentUrl":"http:\/\/intertaskconferences.com\/wp-content\/uploads\/intertask-jpdl-logo-colour.png","width":1196,"height":219,"caption":"Intertask Conferences"},"image":{"@id":"https:\/\/intertaskconferences.com\/fr\/#\/schema\/logo\/image\/"}}]}},"_links":{"self":[{"href":"https:\/\/intertaskconferences.com\/fr\/wp-json\/wp\/v2\/pages\/950","targetHints":{"allow":["GET"]}}],"collection":[{"href":"https:\/\/intertaskconferences.com\/fr\/wp-json\/wp\/v2\/pages"}],"about":[{"href":"https:\/\/intertaskconferences.com\/fr\/wp-json\/wp\/v2\/types\/page"}],"author":[{"embeddable":true,"href":"https:\/\/intertaskconferences.com\/fr\/wp-json\/wp\/v2\/users\/6"}],"replies":[{"embeddable":true,"href":"https:\/\/intertaskconferences.com\/fr\/wp-json\/wp\/v2\/comments?post=950"}],"version-history":[{"count":0,"href":"https:\/\/intertaskconferences.com\/fr\/wp-json\/wp\/v2\/pages\/950\/revisions"}],"wp:attachment":[{"href":"https:\/\/intertaskconferences.com\/fr\/wp-json\/wp\/v2\/media?parent=950"}],"curies":[{"name":"wp","href":"https:\/\/api.w.org\/{rel}","templated":true}]}}